{"id":100709,"date":"2024-11-13T16:41:28","date_gmt":"2024-11-13T15:41:28","guid":{"rendered":"https:\/\/harmoniayduende.com\/artista\/juan-jose-amador\/"},"modified":"2025-04-29T10:00:31","modified_gmt":"2025-04-29T08:00:31","slug":"juan-jose-amador","status":"publish","type":"project","link":"https:\/\/harmoniayduende.com\/fr\/artista\/juan-jose-amador\/","title":{"rendered":"Juan Jos\u00e9 Amador"},"content":{"rendered":"<p>Juan Jos\u00e9 Amador Moreno est n\u00e9 \u00e0 S\u00e9ville dans une famille flamenca comprenant Raimundo Amador, Ram\u00f3n Amador, Diego El Churri, Rafael Amador, ainsi que son p\u00e8re, le grand chanteur gitan Juan Jos\u00e9 Amador\u2026 Sa carri\u00e8re a commenc\u00e9 \u00e0 l&rsquo;\u00e2ge de 13 ans et sa formation professionnelle s&rsquo;est d\u00e9velopp\u00e9e autour des tablaos de S\u00e9ville, son propre p\u00e8re \u00e9tant son meilleur ma\u00eetre. Il a \u00e9galement travaill\u00e9 dans des compagnies telles que celles de Joaqu\u00edn Cort\u00e9s, Manuela Carrasco, Antonio Canales, Sara Baras, Farruquito, G\u00fcito, Manolete, Eva La Yerbabuena, La Farruca ou Israel Galv\u00e1n, entre autres. Il a aussi accompagn\u00e9 des guitaristes tels que Tomatito ou Vicente Amigo, au chant. Il a fait des compositions musicales pour La Tana, Lole Montoya, Alba Montoya, Potito, La Tobala&#8230; Depuis plusieurs ann\u00e9es il se produit comme artiste invit\u00e9 avec le ballet national d\u2019Espagne (productions au Japon, au Mexique, en Chine, dans les grandes capitales d\u2019Europe et les grandes villes d\u2019Espagne) mais actuellement il concentre aussi sa carri\u00e8re sur la direction de son propre groupe.<\/p>\n","protected":false},"excerpt":{"rendered":"<p>Juan Jos\u00e9 Amador Moreno est n\u00e9 \u00e0 S\u00e9ville dans une famille flamenca comprenant Raimundo Amador, Ram\u00f3n Amador, Diego El Churri, Rafael Amador, ainsi que son p\u00e8re, le grand chanteur gitan Juan Jos\u00e9 Amador\u2026 Sa carri\u00e8re a commenc\u00e9 \u00e0 l&rsquo;\u00e2ge de 13 ans et sa formation professionnelle s&rsquo;est d\u00e9velopp\u00e9e autour des tablaos de S\u00e9ville, son propre [&hellip;]<\/p>\n","protected":false},"author":1,"featured_media":100633,"comment_status":"closed","ping_status":"closed","template":"","meta":{"_acf_changed":false,"_et_pb_use_builder":"off","_et_pb_old_content":"","_et_gb_content_width":"","footnotes":""},"project_category":[69],"project_tag":[63],"class_list":["post-100709","project","type-project","status-publish","has-post-thumbnail","hentry","project_category-cantaor-fr","project_tag-sin-conciertos-fr"],"acf":[],"yoast_head":"<!-- This site is optimized with the Yoast SEO Premium plugin v24.9 (Yoast SEO v24.9) - https:\/\/yoast.com\/wordpress\/plugins\/seo\/ -->\n<title>Juan Jos\u00e9 Amador | Harmon\u00eda y Duende<\/title>\n<meta name=\"robots\" content=\"index, follow, max-snippet:-1, max-image-preview:large, max-video-preview:-1\" \/>\n<link rel=\"canonical\" href=\"https:\/\/harmoniayduende.com\/fr\/artista\/juan-jose-amador\/\" \/>\n<meta property=\"og:locale\" content=\"fr_FR\" \/>\n<meta property=\"og:type\" content=\"article\" \/>\n<meta property=\"og:title\" content=\"Juan Jos\u00e9 Amador\" \/>\n<meta property=\"og:description\" content=\"Juan Jos\u00e9 Amador Moreno est n\u00e9 \u00e0 S\u00e9ville dans une famille flamenca comprenant Raimundo Amador, Ram\u00f3n Amador, Diego El Churri, Rafael Amador, ainsi que son p\u00e8re, le grand chanteur gitan Juan Jos\u00e9 Amador\u2026 Sa carri\u00e8re a commenc\u00e9 \u00e0 l&rsquo;\u00e2ge de 13 ans et sa formation professionnelle s&rsquo;est d\u00e9velopp\u00e9e autour des tablaos de S\u00e9ville, son propre [&hellip;]\" \/>\n<meta property=\"og:site_name\" content=\"Harmon\u00eda y Duende\" \/>\n<meta property=\"article:modified_time\" content=\"2025-04-29T08:00:31+00:00\" \/>\n<meta property=\"og:image\" content=\"https:\/\/harmoniayduende.com\/wp-content\/uploads\/2024\/11\/Juan-Jose-Amador.jpg\" \/>\n\t<meta property=\"og:image:width\" content=\"1000\" \/>\n\t<meta property=\"og:image:height\" content=\"1000\" \/>\n\t<meta property=\"og:image:type\" content=\"image\/jpeg\" \/>\n<meta name=\"twitter:card\" content=\"summary_large_image\" \/>\n<meta name=\"twitter:label1\" content=\"Dur\u00e9e de lecture estim\u00e9e\" \/>\n\t<meta name=\"twitter:data1\" content=\"1 minute\" \/>\n<script type=\"application\/ld+json\" class=\"yoast-schema-graph\">{\"@context\":\"https:\/\/schema.org\",\"@graph\":[{\"@type\":\"WebPage\",\"@id\":\"https:\/\/harmoniayduende.com\/fr\/artista\/juan-jose-amador\/\",\"url\":\"https:\/\/harmoniayduende.com\/fr\/artista\/juan-jose-amador\/\",\"name\":\"Juan Jos\u00e9 Amador | Harmon\u00eda y Duende\",\"isPartOf\":{\"@id\":\"https:\/\/harmoniayduende.com\/fr\/#website\"},\"primaryImageOfPage\":{\"@id\":\"https:\/\/harmoniayduende.com\/fr\/artista\/juan-jose-amador\/#primaryimage\"},\"image\":{\"@id\":\"https:\/\/harmoniayduende.com\/fr\/artista\/juan-jose-amador\/#primaryimage\"},\"thumbnailUrl\":\"https:\/\/harmoniayduende.com\/wp-content\/uploads\/2024\/11\/Juan-Jose-Amador.jpg\",\"datePublished\":\"2024-11-13T15:41:28+00:00\",\"dateModified\":\"2025-04-29T08:00:31+00:00\",\"breadcrumb\":{\"@id\":\"https:\/\/harmoniayduende.com\/fr\/artista\/juan-jose-amador\/#breadcrumb\"},\"inLanguage\":\"fr-FR\",\"potentialAction\":[{\"@type\":\"ReadAction\",\"target\":[\"https:\/\/harmoniayduende.com\/fr\/artista\/juan-jose-amador\/\"]}]},{\"@type\":\"ImageObject\",\"inLanguage\":\"fr-FR\",\"@id\":\"https:\/\/harmoniayduende.com\/fr\/artista\/juan-jose-amador\/#primaryimage\",\"url\":\"https:\/\/harmoniayduende.com\/wp-content\/uploads\/2024\/11\/Juan-Jose-Amador.jpg\",\"contentUrl\":\"https:\/\/harmoniayduende.com\/wp-content\/uploads\/2024\/11\/Juan-Jose-Amador.jpg\",\"width\":1000,\"height\":1000},{\"@type\":\"BreadcrumbList\",\"@id\":\"https:\/\/harmoniayduende.com\/fr\/artista\/juan-jose-amador\/#breadcrumb\",\"itemListElement\":[{\"@type\":\"ListItem\",\"position\":1,\"name\":\"Home\",\"item\":\"https:\/\/harmoniayduende.com\/fr\/\"},{\"@type\":\"ListItem\",\"position\":2,\"name\":\"Artistas\",\"item\":\"https:\/\/harmoniayduende.com\/fr\/artista\/\"},{\"@type\":\"ListItem\",\"position\":3,\"name\":\"Juan Jos\u00e9 Amador\"}]},{\"@type\":\"WebSite\",\"@id\":\"https:\/\/harmoniayduende.com\/fr\/#website\",\"url\":\"https:\/\/harmoniayduende.com\/fr\/\",\"name\":\"Harmon\u00eda & Duende\",\"description\":\"Fundaci\u00f3n para promover el arte y la m\u00fasica\",\"potentialAction\":[{\"@type\":\"SearchAction\",\"target\":{\"@type\":\"EntryPoint\",\"urlTemplate\":\"https:\/\/harmoniayduende.com\/fr\/?s={search_term_string}\"},\"query-input\":{\"@type\":\"PropertyValueSpecification\",\"valueRequired\":true,\"valueName\":\"search_term_string\"}}],\"inLanguage\":\"fr-FR\"}]}<\/script>\n<!-- \/ Yoast SEO Premium plugin. -->","yoast_head_json":{"title":"Juan Jos\u00e9 Amador | Harmon\u00eda y Duende","robots":{"index":"index","follow":"follow","max-snippet":"max-snippet:-1","max-image-preview":"max-image-preview:large","max-video-preview":"max-video-preview:-1"},"canonical":"https:\/\/harmoniayduende.com\/fr\/artista\/juan-jose-amador\/","og_locale":"fr_FR","og_type":"article","og_title":"Juan Jos\u00e9 Amador","og_description":"Juan Jos\u00e9 Amador Moreno est n\u00e9 \u00e0 S\u00e9ville dans une famille flamenca comprenant Raimundo Amador, Ram\u00f3n Amador, Diego El Churri, Rafael Amador, ainsi que son p\u00e8re, le grand chanteur gitan Juan Jos\u00e9 Amador\u2026 Sa carri\u00e8re a commenc\u00e9 \u00e0 l&rsquo;\u00e2ge de 13 ans et sa formation professionnelle s&rsquo;est d\u00e9velopp\u00e9e autour des tablaos de S\u00e9ville, son propre [&hellip;]","og_site_name":"Harmon\u00eda y Duende","article_modified_time":"2025-04-29T08:00:31+00:00","og_image":[{"width":1000,"height":1000,"url":"https:\/\/harmoniayduende.com\/wp-content\/uploads\/2024\/11\/Juan-Jose-Amador.jpg","type":"image\/jpeg"}],"twitter_card":"summary_large_image","twitter_misc":{"Dur\u00e9e de lecture estim\u00e9e":"1 minute"},"schema":{"@context":"https:\/\/schema.org","@graph":[{"@type":"WebPage","@id":"https:\/\/harmoniayduende.com\/fr\/artista\/juan-jose-amador\/","url":"https:\/\/harmoniayduende.com\/fr\/artista\/juan-jose-amador\/","name":"Juan Jos\u00e9 Amador | Harmon\u00eda y Duende","isPartOf":{"@id":"https:\/\/harmoniayduende.com\/fr\/#website"},"primaryImageOfPage":{"@id":"https:\/\/harmoniayduende.com\/fr\/artista\/juan-jose-amador\/#primaryimage"},"image":{"@id":"https:\/\/harmoniayduende.com\/fr\/artista\/juan-jose-amador\/#primaryimage"},"thumbnailUrl":"https:\/\/harmoniayduende.com\/wp-content\/uploads\/2024\/11\/Juan-Jose-Amador.jpg","datePublished":"2024-11-13T15:41:28+00:00","dateModified":"2025-04-29T08:00:31+00:00","breadcrumb":{"@id":"https:\/\/harmoniayduende.com\/fr\/artista\/juan-jose-amador\/#breadcrumb"},"inLanguage":"fr-FR","potentialAction":[{"@type":"ReadAction","target":["https:\/\/harmoniayduende.com\/fr\/artista\/juan-jose-amador\/"]}]},{"@type":"ImageObject","inLanguage":"fr-FR","@id":"https:\/\/harmoniayduende.com\/fr\/artista\/juan-jose-amador\/#primaryimage","url":"https:\/\/harmoniayduende.com\/wp-content\/uploads\/2024\/11\/Juan-Jose-Amador.jpg","contentUrl":"https:\/\/harmoniayduende.com\/wp-content\/uploads\/2024\/11\/Juan-Jose-Amador.jpg","width":1000,"height":1000},{"@type":"BreadcrumbList","@id":"https:\/\/harmoniayduende.com\/fr\/artista\/juan-jose-amador\/#breadcrumb","itemListElement":[{"@type":"ListItem","position":1,"name":"Home","item":"https:\/\/harmoniayduende.com\/fr\/"},{"@type":"ListItem","position":2,"name":"Artistas","item":"https:\/\/harmoniayduende.com\/fr\/artista\/"},{"@type":"ListItem","position":3,"name":"Juan Jos\u00e9 Amador"}]},{"@type":"WebSite","@id":"https:\/\/harmoniayduende.com\/fr\/#website","url":"https:\/\/harmoniayduende.com\/fr\/","name":"Harmon\u00eda & Duende","description":"Fundaci\u00f3n para promover el arte y la m\u00fasica","potentialAction":[{"@type":"SearchAction","target":{"@type":"EntryPoint","urlTemplate":"https:\/\/harmoniayduende.com\/fr\/?s={search_term_string}"},"query-input":{"@type":"PropertyValueSpecification","valueRequired":true,"valueName":"search_term_string"}}],"inLanguage":"fr-FR"}]}},"_links":{"self":[{"href":"https:\/\/harmoniayduende.com\/fr\/wp-json\/wp\/v2\/project\/100709","targetHints":{"allow":["GET"]}}],"collection":[{"href":"https:\/\/harmoniayduende.com\/fr\/wp-json\/wp\/v2\/project"}],"about":[{"href":"https:\/\/harmoniayduende.com\/fr\/wp-json\/wp\/v2\/types\/project"}],"author":[{"embeddable":true,"href":"https:\/\/harmoniayduende.com\/fr\/wp-json\/wp\/v2\/users\/1"}],"replies":[{"embeddable":true,"href":"https:\/\/harmoniayduende.com\/fr\/wp-json\/wp\/v2\/comments?post=100709"}],"version-history":[{"count":5,"href":"https:\/\/harmoniayduende.com\/fr\/wp-json\/wp\/v2\/project\/100709\/revisions"}],"predecessor-version":[{"id":100763,"href":"https:\/\/harmoniayduende.com\/fr\/wp-json\/wp\/v2\/project\/100709\/revisions\/100763"}],"wp:featuredmedia":[{"embeddable":true,"href":"https:\/\/harmoniayduende.com\/fr\/wp-json\/wp\/v2\/media\/100633"}],"wp:attachment":[{"href":"https:\/\/harmoniayduende.com\/fr\/wp-json\/wp\/v2\/media?parent=100709"}],"wp:term":[{"taxonomy":"project_category","embeddable":true,"href":"https:\/\/harmoniayduende.com\/fr\/wp-json\/wp\/v2\/project_category?post=100709"},{"taxonomy":"project_tag","embeddable":true,"href":"https:\/\/harmoniayduende.com\/fr\/wp-json\/wp\/v2\/project_tag?post=100709"}],"curies":[{"name":"wp","href":"https:\/\/api.w.org\/{rel}","templated":true}]}}